{"id":61,"date":"2020-01-19T16:35:44","date_gmt":"2020-01-19T15:35:44","guid":{"rendered":"http:\/\/www.rmch.es\/?page_id=61"},"modified":"2025-06-04T19:14:17","modified_gmt":"2025-06-04T17:14:17","slug":"homepage","status":"publish","type":"page","link":"https:\/\/www.rmch.es\/","title":{"rendered":"INICIO"},"content":{"rendered":"<p>[et_pb_section fb_built=&#8221;1&#8243; _builder_version=&#8221;4.16&#8243; background_enable_image=&#8221;off&#8221; global_colors_info=&#8221;{}&#8221; background__hover_enabled=&#8221;off|desktop&#8221;][et_pb_row _builder_version=&#8221;4.16&#8243; parallax=&#8221;on&#8221; animation_style=&#8221;fold&#8221; global_colors_info=&#8221;{}&#8221;][et_pb_column type=&#8221;4_4&#8243; _builder_version=&#8221;4.16&#8243; background_image=&#8221;https:\/\/www.rmch.es\/wp-content\/uploads\/2019\/11\/CathedralDeHabana.jpg&#8221; custom_padding=&#8221;|||&#8221; global_colors_info=&#8221;{}&#8221; custom_padding__hover=&#8221;|||&#8221;][et_pb_slider _builder_version=&#8221;4.16&#8243; header_font=&#8221;|600|||||||&#8221; background_image=&#8221;https:\/\/www.rmch.es\/wp-content\/uploads\/2019\/11\/Emblem_of_the_Royal_Cavalry_Armory_of_Havana.svg_.png&#8221; background_size=&#8221;contain&#8221; custom_padding=&#8221;|||&#8221; custom_padding_tablet=&#8221;|||&#8221; custom_padding_phone=&#8221;|||&#8221; box_shadow_style=&#8221;preset6&#8243; box_shadow_blur=&#8221;10px&#8221; box_shadow_color=&#8221;rgba(0,0,0,0.1)&#8221; global_colors_info=&#8221;{}&#8221; button_text_size__hover_enabled=&#8221;off&#8221; button_one_text_size__hover_enabled=&#8221;off&#8221; button_two_text_size__hover_enabled=&#8221;off&#8221; button_text_color__hover_enabled=&#8221;off&#8221; button_one_text_color__hover_enabled=&#8221;off&#8221; button_two_text_color__hover_enabled=&#8221;off&#8221; button_border_width__hover_enabled=&#8221;off&#8221; button_one_border_width__hover_enabled=&#8221;off&#8221; button_two_border_width__hover_enabled=&#8221;off&#8221; button_border_color__hover_enabled=&#8221;off&#8221; button_one_border_color__hover_enabled=&#8221;off&#8221; button_two_border_color__hover_enabled=&#8221;off&#8221; button_border_radius__hover_enabled=&#8221;off&#8221; button_one_border_radius__hover_enabled=&#8221;off&#8221; button_two_border_radius__hover_enabled=&#8221;off&#8221; button_letter_spacing__hover_enabled=&#8221;off&#8221; button_one_letter_spacing__hover_enabled=&#8221;off&#8221; button_two_letter_spacing__hover_enabled=&#8221;off&#8221; button_bg_color__hover_enabled=&#8221;off&#8221; button_one_bg_color__hover_enabled=&#8221;off&#8221; button_two_bg_color__hover_enabled=&#8221;off&#8221;][et_pb_slide heading=&#8221;La Real Maestranza de Caballer\u00eda de La Habana&#8221; _builder_version=&#8221;4.16&#8243; use_background_color_gradient=&#8221;on&#8221; background_color_gradient_direction=&#8221;330deg&#8221; background_color_gradient_stops=&#8221;#2ea3f2 0%|#000849 100%&#8221; background_color_gradient_start=&#8221;#2ea3f2&#8243; background_color_gradient_end=&#8221;#000849&#8243; global_colors_info=&#8221;{}&#8221; button_text_size__hover_enabled=&#8221;off&#8221; button_one_text_size__hover_enabled=&#8221;off&#8221; button_two_text_size__hover_enabled=&#8221;off&#8221; button_text_color__hover_enabled=&#8221;off&#8221; button_one_text_color__hover_enabled=&#8221;off&#8221; button_two_text_color__hover_enabled=&#8221;off&#8221; button_border_width__hover_enabled=&#8221;off&#8221; button_one_border_width__hover_enabled=&#8221;off&#8221; button_two_border_width__hover_enabled=&#8221;off&#8221; button_border_color__hover_enabled=&#8221;off&#8221; button_one_border_color__hover_enabled=&#8221;off&#8221; button_two_border_color__hover_enabled=&#8221;off&#8221; button_border_radius__hover_enabled=&#8221;off&#8221; button_one_border_radius__hover_enabled=&#8221;off&#8221; button_two_border_radius__hover_enabled=&#8221;off&#8221; button_letter_spacing__hover_enabled=&#8221;off&#8221; button_one_letter_spacing__hover_enabled=&#8221;off&#8221; button_two_letter_spacing__hover_enabled=&#8221;off&#8221; button_bg_color__hover_enabled=&#8221;off&#8221; button_one_bg_color__hover_enabled=&#8221;off&#8221; button_two_bg_color__hover_enabled=&#8221;off&#8221; sticky_transition=&#8221;on&#8221;]<\/p>\n<p>fundada en el a\u00f1o 1709<\/p>\n<p>[\/et_pb_slide][\/et_pb_slider][\/et_pb_column][\/et_pb_row][\/et_pb_section][et_pb_section fb_built=&#8221;1&#8243; _builder_version=&#8221;4.16&#8243; global_colors_info=&#8221;{}&#8221;][et_pb_row column_structure=&#8221;1_3,1_3,1_3&#8243; _builder_version=&#8221;4.16&#8243; global_colors_info=&#8221;{}&#8221;][et_pb_column type=&#8221;1_3&#8243; _builder_version=&#8221;4.16&#8243; global_colors_info=&#8221;{}&#8221;][et_pb_blurb title=&#8221;\u00a1Real Maestranza de Caballer\u00eda de la Habana en Marbella!&#8221; url=&#8221;@ET-DC@eyJkeW5hbWljIjp0cnVlLCJjb250ZW50IjoicG9zdF9saW5rX3VybF9wYWdlIiwic2V0dGluZ3MiOnsicG9zdF9pZCI6IjY2NDkifX0=@&#8221; url_new_window=&#8221;on&#8221; image=&#8221;https:\/\/www.rmch.es\/wp-content\/uploads\/2025\/06\/Marbella-2.jpg&#8221; alt=&#8221;Marbella&#8221; _builder_version=&#8221;4.27.4&#8243; _dynamic_attributes=&#8221;link_option_url,url&#8221; link_option_url=&#8221;@ET-DC@eyJkeW5hbWljIjp0cnVlLCJjb250ZW50IjoicG9zdF9saW5rX3VybF9wYWdlIiwic2V0dGluZ3MiOnsicG9zdF9pZCI6IjY2NDkifX0=@&#8221; link_option_url_new_window=&#8221;on&#8221; border_radii_image=&#8221;off||||&#8221; global_colors_info=&#8221;{}&#8221;]<\/p>\n<h1 style=\"text-align: center;\">CAP\u00cdTULO GENERAL<\/h1>\n<h3 style=\"text-align: center;\">CELEBRADO EN LA CIUDAD DE MARBELLA.<\/h3>\n<h2 style=\"text-align: center;\">23 de Mayo de 2025<\/h2>\n<p>[\/et_pb_blurb][et_pb_button button_url=&#8221;@ET-DC@eyJkeW5hbWljIjp0cnVlLCJjb250ZW50IjoicG9zdF9saW5rX3VybF9wYWdlIiwic2V0dGluZ3MiOnsicG9zdF9pZCI6IjEzNjgzIn19@&#8221; url_new_window=&#8221;on&#8221; button_text=&#8221;Explora la historia&#8221; button_alignment=&#8221;center&#8221; _builder_version=&#8221;4.27.4&#8243; _dynamic_attributes=&#8221;button_url&#8221; _module_preset=&#8221;default&#8221; global_colors_info=&#8221;{}&#8221;][\/et_pb_button][\/et_pb_column][et_pb_column type=&#8221;1_3&#8243; _builder_version=&#8221;4.16&#8243; global_colors_info=&#8221;{}&#8221;][et_pb_blurb title=&#8221;\u00a1Real Maestranza de Caballer\u00eda de La Habana en Brasil!&#8221; url=&#8221;@ET-DC@eyJkeW5hbWljIjp0cnVlLCJjb250ZW50IjoicG9zdF9saW5rX3VybF9wYWdlIiwic2V0dGluZ3MiOnsicG9zdF9pZCI6IjY2NDkifX0=@&#8221; url_new_window=&#8221;on&#8221; image=&#8221;https:\/\/www.rmch.es\/wp-content\/uploads\/2025\/06\/Brasil-1.jpg&#8221; alt=&#8221;Brasil 1&#8243; _builder_version=&#8221;4.27.4&#8243; _dynamic_attributes=&#8221;link_option_url,url&#8221; link_option_url=&#8221;@ET-DC@eyJkeW5hbWljIjp0cnVlLCJjb250ZW50IjoicG9zdF9saW5rX3VybF9wYWdlIiwic2V0dGluZ3MiOnsicG9zdF9pZCI6IjY2NDkifX0=@&#8221; link_option_url_new_window=&#8221;on&#8221; border_radii_image=&#8221;off||||&#8221; global_colors_info=&#8221;{}&#8221; title__hover_enabled=&#8221;off|desktop&#8221;]<\/p>\n<h1 style=\"text-align: center;\">CAP\u00cdTULO GENERAL<\/h1>\n<h3 style=\"text-align: center;\">CELEBRADO EN LA CIUDAD DE CAMPINAS.<\/h3>\n<h2 style=\"text-align: center;\">15 de Marzo de 2025<\/h2>\n<p>[\/et_pb_blurb][et_pb_button button_url=&#8221;@ET-DC@eyJkeW5hbWljIjp0cnVlLCJjb250ZW50IjoicG9zdF9saW5rX3VybF9wYWdlIiwic2V0dGluZ3MiOnsicG9zdF9pZCI6IjEzNzQ5In19@&#8221; url_new_window=&#8221;on&#8221; button_text=&#8221;Explora la historia&#8221; button_alignment=&#8221;center&#8221; _builder_version=&#8221;4.27.4&#8243; _dynamic_attributes=&#8221;button_url&#8221; _module_preset=&#8221;default&#8221; hover_enabled=&#8221;0&#8243; global_colors_info=&#8221;{}&#8221; sticky_enabled=&#8221;0&#8243;][\/et_pb_button][\/et_pb_column][et_pb_column type=&#8221;1_3&#8243; _builder_version=&#8221;4.16&#8243; global_colors_info=&#8221;{}&#8221;][et_pb_blurb title=&#8221;\u00a1Real Maestranza de Caballer\u00eda de La Habana en Miami!&#8221; url=&#8221;@ET-DC@eyJkeW5hbWljIjp0cnVlLCJjb250ZW50IjoicG9zdF9saW5rX3VybF9wYWdlIiwic2V0dGluZ3MiOnsicG9zdF9pZCI6IjY2NDkifX0=@&#8221; url_new_window=&#8221;on&#8221; image=&#8221;https:\/\/www.rmch.es\/wp-content\/uploads\/2024\/03\/PHOTO-2024-03-11-20-51-59.jpg&#8221; _builder_version=&#8221;4.24.0&#8243; _dynamic_attributes=&#8221;link_option_url,url&#8221; link_option_url=&#8221;@ET-DC@eyJkeW5hbWljIjp0cnVlLCJjb250ZW50IjoicG9zdF9saW5rX3VybF9wYWdlIiwic2V0dGluZ3MiOnsicG9zdF9pZCI6IjY2NDkifX0=@&#8221; link_option_url_new_window=&#8221;on&#8221; border_radii_image=&#8221;off||||&#8221; global_colors_info=&#8221;{}&#8221;]<\/p>\n<h1 style=\"text-align: center;\">CAP\u00cdTULO GENERAL<\/h1>\n<h3 style=\"text-align: center;\">CELEBRADO EN LA CIUDAD DE M\u00c9XICO.<\/h3>\n<h2 style=\"text-align: center;\">15 de Noviembre de 2024<\/h2>\n<p>[\/et_pb_blurb][et_pb_button button_url=&#8221;@ET-DC@eyJkeW5hbWljIjp0cnVlLCJjb250ZW50IjoicG9zdF9saW5rX3VybF9wYWdlIiwic2V0dGluZ3MiOnsicG9zdF9pZCI6IjEwODg4In19@&#8221; url_new_window=&#8221;on&#8221; button_text=&#8221;Explora la historia&#8221; button_alignment=&#8221;center&#8221; _builder_version=&#8221;4.27.0&#8243; _dynamic_attributes=&#8221;button_url&#8221; _module_preset=&#8221;default&#8221; global_colors_info=&#8221;{}&#8221;][\/et_pb_button][\/et_pb_column][\/et_pb_row][et_pb_row _builder_version=&#8221;4.24.0&#8243; _module_preset=&#8221;default&#8221; global_colors_info=&#8221;{}&#8221;][et_pb_column type=&#8221;4_4&#8243; _builder_version=&#8221;4.24.0&#8243; _module_preset=&#8221;default&#8221; global_colors_info=&#8221;{}&#8221;][\/et_pb_column][\/et_pb_row][\/et_pb_section][et_pb_section fb_built=&#8221;1&#8243; _builder_version=&#8221;4.20.0&#8243; _module_preset=&#8221;default&#8221; global_colors_info=&#8221;{}&#8221;][et_pb_row column_structure=&#8221;1_2,1_2&#8243; _builder_version=&#8221;4.20.0&#8243; _module_preset=&#8221;default&#8221; global_colors_info=&#8221;{}&#8221;][et_pb_column type=&#8221;1_2&#8243; _builder_version=&#8221;4.20.0&#8243; _module_preset=&#8221;default&#8221; global_colors_info=&#8221;{}&#8221;][et_pb_blurb title=&#8221;Premio Marques de Almendares, 2023&#8243; image=&#8221;https:\/\/www.rmch.es\/wp-content\/uploads\/2023\/03\/PHOTO-2023-03-18-12-09-54.jpg&#8221; _builder_version=&#8221;4.20.0&#8243; _module_preset=&#8221;default&#8221; global_colors_info=&#8221;{}&#8221;]<\/p>\n<p>Este a\u00f1o recibir\u00e1 el premio &#8220;<em><strong>Marqu\u00e9s de Almendares<\/strong><\/em>&#8220;, do\u00f1a Alejandra Castro Rioseco, Fundadora y Presidenta de <a href=\"https:\/\/miaartcollection.org\/\" target=\"_blank\" rel=\"noopener\">Mia Art Collection<\/a>, el cu\u00e1l se le entrgar\u00e1 en la Ceremonia de la RMCH en el Palacio de los Duques de Maqueda, en Sevilla, el pr\u00f3ximo 21 de abril 2023.<\/p>\n<p>[\/et_pb_blurb][\/et_pb_column][et_pb_column type=&#8221;1_2&#8243; _builder_version=&#8221;4.20.0&#8243; _module_preset=&#8221;default&#8221; global_colors_info=&#8221;{}&#8221;][et_pb_blurb title=&#8221;Finca Los Montes, en La Puebla del R\u00edo, Sevilla&#8221; image=&#8221;https:\/\/www.rmch.es\/wp-content\/uploads\/2023\/03\/Finca-Montres_1519358698_128094047_1200x675.jpg&#8221; _builder_version=&#8221;4.20.0&#8243; _module_preset=&#8221;default&#8221; global_colors_info=&#8221;{}&#8221;]<\/p>\n<p>&nbsp;<\/p>\n<p style=\"text-align: center;\"><a href=\"https:\/\/www.lapuebladelrio.es\/\" target=\"_blank\" rel=\"noopener\">https:\/\/www.lapuebladelrio.es\/<\/a><\/p>\n<p>Es la casa principal de lo que fue Los Montes Realengos, cazadero de <a href=\"https:\/\/es.wikipedia.org\/wiki\/Felipe_IV_de_Espa%C3%B1a\" target=\"_blank\" rel=\"noopener\">Felipe IV<\/a>, seg\u00fan aparece en un plano de la finca de 1665. Mucho antes, seg\u00fan las \u00faltimas investigaciones arqueol\u00f3gicas, fue un importante enclave tart\u00e9sico frente a lo que fue lago Ligustino, actuales marismas, cuando la desembocadura del Guadalquivir no estaba en Sanl\u00facar de Barrameda, sino entre La Puebla del R\u00edo, Coria y Dos Hermanas. Pertenece a la Casa Ducal de Maqueda.<\/p>\n<p style=\"text-align: center;\"><a href=\"https:\/\/cortijolosmontes.com\/\" target=\"_blank\" rel=\"noopener\" title=\"Cortijo Los Montes\">https:\/\/cortijolosmontes.com\/<\/a><\/p>\n<p style=\"text-align: center;\">\n<p style=\"text-align: center;\">[\/et_pb_blurb][\/et_pb_column][\/et_pb_row][\/et_pb_section][et_pb_section fb_built=&#8221;1&#8243; _builder_version=&#8221;4.16&#8243; background_image=&#8221;https:\/\/www.rmch.es\/wp-content\/uploads\/2019\/11\/cuba-old-map-with-havana-insert-plan_u-l-pn03fz0.jpg&#8221; parallax=&#8221;on&#8221; global_colors_info=&#8221;{}&#8221;][\/et_pb_section][et_pb_section fb_built=&#8221;1&#8243; _builder_version=&#8221;4.16&#8243; global_colors_info=&#8221;{}&#8221;][et_pb_row _builder_version=&#8221;4.16&#8243; global_colors_info=&#8221;{}&#8221;][et_pb_column type=&#8221;4_4&#8243; _builder_version=&#8221;4.16&#8243; global_colors_info=&#8221;{}&#8221;][et_pb_text _builder_version=&#8221;4.16&#8243; global_colors_info=&#8221;{}&#8221;]<\/p>\n<h1 class=\"et_pb_module_header et-fb-editable-element et-fb-editable-element__editing\" data-shortcode-id=\"3.0-1581796263591\" data-quickaccess-id=\"title\" contenteditable=\"true\">La Real Maestranza de Caballer\u00eda de La Habana, la \u00fanica que se estableci\u00f3 en una capital ultramarina, fue fundada en el a\u00f1o 1709, por inspiraci\u00f3n del maestre de campo don Laureano de Torres Ayala, marqu\u00e9s de Casa Torres, que fue gobernador y capit\u00e1n general de la isla, y en la que participaron nueve regidores habaneros pertenecientes a los linajes m\u00e1s ilustres.<\/h1>\n<p>[\/et_pb_text][\/et_pb_column][\/et_pb_row][\/et_pb_section][et_pb_section fb_built=&#8221;1&#8243; _builder_version=&#8221;4.16&#8243; global_colors_info=&#8221;{}&#8221;][et_pb_row column_structure=&#8221;1_2,1_2&#8243; _builder_version=&#8221;4.16&#8243; global_colors_info=&#8221;{}&#8221;][et_pb_column type=&#8221;1_2&#8243; _builder_version=&#8221;4.16&#8243; global_colors_info=&#8221;{}&#8221;][wpforms_selector form_id=&#8221;535&#8243; _builder_version=&#8221;4.17.4&#8243; _module_preset=&#8221;default&#8221; global_colors_info=&#8221;{}&#8221;][\/wpforms_selector][\/et_pb_column][et_pb_column type=&#8221;1_2&#8243; _builder_version=&#8221;4.16&#8243; global_colors_info=&#8221;{}&#8221;][et_pb_image src=&#8221;https:\/\/www.rmch.es\/wp-content\/uploads\/2019\/11\/cuba-old-map-with-havana-insert-plan_u-l-pn03fz0.jpg&#8221; _builder_version=&#8221;4.16&#8243; global_colors_info=&#8221;{}&#8221;][\/et_pb_image][\/et_pb_column][\/et_pb_row][\/et_pb_section][et_pb_section fb_built=&#8221;1&#8243; _builder_version=&#8221;4.16&#8243; transform_scale_tablet=&#8221;88%|88%&#8221; transform_scale_phone=&#8221;78%|78%&#8221; transform_scale_last_edited=&#8221;on|desktop&#8221; transform_translate_tablet=&#8221;&#8221; transform_translate_phone=&#8221;&#8221; transform_translate_last_edited=&#8221;on|desktop&#8221; transform_rotate_tablet=&#8221;&#8221; transform_rotate_phone=&#8221;&#8221; transform_rotate_last_edited=&#8221;on|desktop&#8221; transform_skew_tablet=&#8221;&#8221; transform_skew_phone=&#8221;&#8221; transform_skew_last_edited=&#8221;on|desktop&#8221; transform_origin_tablet=&#8221;&#8221; transform_origin_phone=&#8221;&#8221; transform_origin_last_edited=&#8221;on|desktop&#8221; transform_styles_last_edited=&#8221;on|desktop&#8221; width=&#8221;90%&#8221; width_tablet=&#8221;90%&#8221; width_phone=&#8221;&#8221; width_last_edited=&#8221;on|desktop&#8221; max_width=&#8221;90%&#8221; module_alignment=&#8221;center&#8221; min_height=&#8221;889px&#8221; transform_styles_tablet=&#8221;&#8221; transform_styles_phone=&#8221;&#8221; module_alignment_tablet=&#8221;center&#8221; module_alignment_phone=&#8221;center&#8221; module_alignment_last_edited=&#8221;on|phone&#8221; global_colors_info=&#8221;{}&#8221;][et_pb_row column_structure=&#8221;1_4,1_4,1_4,1_4&#8243; _builder_version=&#8221;4.16&#8243; background_size=&#8221;initial&#8221; background_position=&#8221;top_left&#8221; background_repeat=&#8221;repeat&#8221; min_height=&#8221;743px&#8221; custom_margin=&#8221;|169px||auto||&#8221; global_colors_info=&#8221;{}&#8221;][et_pb_column type=&#8221;1_4&#8243; _builder_version=&#8221;4.16&#8243; custom_padding=&#8221;|||&#8221; global_colors_info=&#8221;{}&#8221; custom_padding__hover=&#8221;|||&#8221;][et_pb_blurb title=&#8221;Contacto&#8221; use_icon=&#8221;on&#8221; font_icon=&#8221;&#x68;||divi||400&#8243; image_icon_background_color=&#8221;#ffffff&#8221; image_icon_width=&#8221;48px&#8221; _builder_version=&#8221;4.16&#8243; header_font=&#8221;Arial||||||||&#8221; body_font=&#8221;|600|||||||&#8221; body_text_align=&#8221;center&#8221; body_text_color=&#8221;#000000&#8243; background_size=&#8221;initial&#8221; background_position=&#8221;top_left&#8221; background_repeat=&#8221;repeat&#8221; image_icon_custom_padding=&#8221;25px|25px|25px|25px|false|false&#8221; text_orientation=&#8221;center&#8221; animation_style=&#8221;slide&#8221; animation_duration=&#8221;650ms&#8221; animation=&#8221;bottom&#8221; border_radii_image=&#8221;on|100%|100%|100%|100%&#8221; border_width_all_image=&#8221;3px&#8221; border_color_all_image=&#8221;#f7f7f7&#8243; use_circle=&#8221;on&#8221; use_circle_border=&#8221;on&#8221; circle_border_color=&#8221;#f7f7f7&#8243; circle_color=&#8221;#ffffff&#8221; global_colors_info=&#8221;{}&#8221; image_icon_background_color__sticky_enabled=&#8221;#2ea3f2&#8243; image_icon_background_color__sticky=&#8221;#2ea3f2&#8243;]<\/p>\n<p><span style=\"font-size: medium;\" size=\"3\">secretaria@rmch.es<\/p>\n<p><\/span><\/p>\n<p>[\/et_pb_blurb][\/et_pb_column][et_pb_column type=&#8221;1_4&#8243; _builder_version=&#8221;4.16&#8243; custom_padding=&#8221;|||&#8221; global_colors_info=&#8221;{}&#8221; custom_padding__hover=&#8221;|||&#8221;][et_pb_blurb title=&#8221;Sede en Espa\u00f1a&#8221; use_icon=&#8221;on&#8221; font_icon=&#8221;&#xe01d;||divi||400&#8243; image_icon_background_color=&#8221;#ffffff&#8221; image_icon_width=&#8221;48px&#8221; _builder_version=&#8221;4.16&#8243; header_font=&#8221;|600|||||||&#8221; body_font=&#8221;|600|||||||&#8221; body_text_color=&#8221;#000000&#8243; body_font_size=&#8221;12px&#8221; background_size=&#8221;initial&#8221; background_position=&#8221;top_left&#8221; background_repeat=&#8221;repeat&#8221; image_icon_custom_padding=&#8221;25px|25px|25px|25px|false|false&#8221; text_orientation=&#8221;center&#8221; border_radii_image=&#8221;on|100%|100%|100%|100%&#8221; border_width_all_image=&#8221;3px&#8221; border_color_all_image=&#8221;#f7f7f7&#8243; use_circle=&#8221;on&#8221; use_circle_border=&#8221;on&#8221; circle_border_color=&#8221;#f7f7f7&#8243; circle_color=&#8221;#ffffff&#8221; global_colors_info=&#8221;{}&#8221; image_icon_background_color__sticky_enabled=&#8221;#2ea3f2&#8243; image_icon_background_color__sticky=&#8221;#2ea3f2&#8243;]<\/p>\n<p>&nbsp;<\/p>\n<p><a href=\"https:\/\/goo.gl\/maps\/QT8zZDfwmEfZyBNg6\">Pazo de San Lorenzo<\/a><br \/> Robleda de San Lorenzo s\/n<br \/> 15705 Santiago de Compostela A Coru\u00f1a &#8211; Espa\u00f1a<\/p>\n<p>[\/et_pb_blurb][\/et_pb_column][et_pb_column type=&#8221;1_4&#8243; _builder_version=&#8221;4.16&#8243; custom_padding=&#8221;|||&#8221; global_colors_info=&#8221;{}&#8221; custom_padding__hover=&#8221;|||&#8221;][et_pb_blurb title=&#8221;Estatutos&#8221; image=&#8221;https:\/\/www.rmch.es\/wp-content\/uploads\/2019\/11\/CultureCuba.jpg&#8221; _builder_version=&#8221;4.16&#8243; global_colors_info=&#8221;{}&#8221;]<\/p>\n<p><strong><em>Impulsar culturalmente<\/em><\/strong> mediante distintos programas, l\u00edneas de promoci\u00f3n hist\u00f3rica, territorial, social y cultural de Cuba y de todos los pa\u00edses americanos del \u00e1mbito de la monarqu\u00eda hisp\u00e1nica<\/p>\n<p>[\/et_pb_blurb][\/et_pb_column][et_pb_column type=&#8221;1_4&#8243; _builder_version=&#8221;4.16&#8243; custom_padding=&#8221;|||&#8221; global_colors_info=&#8221;{}&#8221; custom_padding__hover=&#8221;|||&#8221;][et_pb_blurb title=&#8221;Investidura &#8221; image=&#8221;https:\/\/www.rmch.es\/wp-content\/uploads\/2019\/11\/Miami.jpg&#8221; _builder_version=&#8221;4.16&#8243; global_colors_info=&#8221;{}&#8221;]<\/p>\n<p>Solemne ceremonia que se ha celebrado en la residencia de Marquesa de Almendares en Miami, el <strong><em>21 de Noviembre de 2019<\/em><\/strong><\/p>\n<p>[\/et_pb_blurb][\/et_pb_column][\/et_pb_row][\/et_pb_section]<\/p>\n","protected":false},"excerpt":{"rendered":"<p>fundada en el a\u00f1o 1709CAP\u00cdTULO GENERAL CELEBRADO EN LA CIUDAD DE MARBELLA. 23 de Mayo de 2025CAP\u00cdTULO GENERAL CELEBRADO EN LA CIUDAD DE CAMPINAS. 15 de Marzo de 2025CAP\u00cdTULO GENERAL CELEBRADO EN LA CIUDAD DE M\u00c9XICO. 15 de Noviembre de 2024Este a\u00f1o recibir\u00e1 el premio &#8220;Marqu\u00e9s de Almendares&#8221;, do\u00f1a Alejandra Castro Rioseco, Fundadora y Presidenta [&hellip;]<\/p>\n","protected":false},"author":1,"featured_media":0,"parent":0,"menu_order":0,"comment_status":"closed","ping_status":"closed","template":"","meta":{"_et_pb_use_builder":"on","_et_pb_old_content":"","_et_gb_content_width":"","content-type":"","footnotes":""},"class_list":["post-61","page","type-page","status-publish","hentry"],"yoast_head":"<!-- This site is optimized with the Yoast SEO plugin v27.4 - https:\/\/yoast.com\/product\/yoast-seo-wordpress\/ -->\n<title>INICIO - Real Maestranza de Caballer\u00eda de La Habana<\/title>\n<meta name=\"description\" content=\"La Real Maestranza de Caballer\u00eda de La Habana, la \u00fanica que se estableci\u00f3 en una capital ultramarina, fue fundada en el a\u00f1o 1709\" \/>\n<meta name=\"robots\" content=\"index, follow, max-snippet:-1, max-image-preview:large, max-video-preview:-1\" \/>\n<link rel=\"canonical\" href=\"https:\/\/www.rmch.es\/\" \/>\n<meta property=\"og:locale\" content=\"es_ES\" \/>\n<meta property=\"og:type\" content=\"article\" \/>\n<meta property=\"og:title\" content=\"INICIO - Real Maestranza de Caballer\u00eda de La Habana\" \/>\n<meta property=\"og:description\" content=\"La Real Maestranza de Caballer\u00eda de La Habana, la \u00fanica que se estableci\u00f3 en una capital ultramarina, fue fundada en el a\u00f1o 1709\" \/>\n<meta property=\"og:url\" content=\"https:\/\/www.rmch.es\/\" \/>\n<meta property=\"og:site_name\" content=\"Real Maestranza de Caballer\u00eda de La Habana\" \/>\n<meta property=\"article:modified_time\" content=\"2025-06-04T17:14:17+00:00\" \/>\n<meta name=\"twitter:card\" content=\"summary_large_image\" \/>\n<meta name=\"twitter:label1\" content=\"Tiempo de lectura\" \/>\n\t<meta name=\"twitter:data1\" content=\"3 minutos\" \/>\n<script type=\"application\/ld+json\" class=\"yoast-schema-graph\">{\"@context\":\"https:\\\/\\\/schema.org\",\"@graph\":[{\"@type\":\"WebPage\",\"@id\":\"https:\\\/\\\/www.rmch.es\\\/\",\"url\":\"https:\\\/\\\/www.rmch.es\\\/\",\"name\":\"INICIO - Real Maestranza de Caballer\u00eda de La Habana\",\"isPartOf\":{\"@id\":\"https:\\\/\\\/www.rmch.es\\\/#website\"},\"datePublished\":\"2020-01-19T15:35:44+00:00\",\"dateModified\":\"2025-06-04T17:14:17+00:00\",\"description\":\"La Real Maestranza de Caballer\u00eda de La Habana, la \u00fanica que se estableci\u00f3 en una capital ultramarina, fue fundada en el a\u00f1o 1709\",\"breadcrumb\":{\"@id\":\"https:\\\/\\\/www.rmch.es\\\/#breadcrumb\"},\"inLanguage\":\"es\",\"potentialAction\":[{\"@type\":\"ReadAction\",\"target\":[\"https:\\\/\\\/www.rmch.es\\\/\"]}]},{\"@type\":\"BreadcrumbList\",\"@id\":\"https:\\\/\\\/www.rmch.es\\\/#breadcrumb\",\"itemListElement\":[{\"@type\":\"ListItem\",\"position\":1,\"name\":\"Portada\",\"item\":\"https:\\\/\\\/www.rmch.es\\\/\"},{\"@type\":\"ListItem\",\"position\":2,\"name\":\"INICIO\"}]},{\"@type\":\"WebSite\",\"@id\":\"https:\\\/\\\/www.rmch.es\\\/#website\",\"url\":\"https:\\\/\\\/www.rmch.es\\\/\",\"name\":\"Real Maestranza de Caballer\u00eda de La Habana\",\"description\":\"Real Maestranza de Caballer\u00eda de La Habana,\",\"publisher\":{\"@id\":\"https:\\\/\\\/www.rmch.es\\\/#organization\"},\"potentialAction\":[{\"@type\":\"SearchAction\",\"target\":{\"@type\":\"EntryPoint\",\"urlTemplate\":\"https:\\\/\\\/www.rmch.es\\\/?s={search_term_string}\"},\"query-input\":{\"@type\":\"PropertyValueSpecification\",\"valueRequired\":true,\"valueName\":\"search_term_string\"}}],\"inLanguage\":\"es\"},{\"@type\":\"Organization\",\"@id\":\"https:\\\/\\\/www.rmch.es\\\/#organization\",\"name\":\"Real Maestranza de Caballer\u00eda de La Habana\",\"url\":\"https:\\\/\\\/www.rmch.es\\\/\",\"logo\":{\"@type\":\"ImageObject\",\"inLanguage\":\"es\",\"@id\":\"https:\\\/\\\/www.rmch.es\\\/#\\\/schema\\\/logo\\\/image\\\/\",\"url\":\"https:\\\/\\\/www.rmch.es\\\/wp-content\\\/uploads\\\/2019\\\/11\\\/Emblem_of_the_Royal_Cavalry_Armory_of_Havana.svg_.png\",\"contentUrl\":\"https:\\\/\\\/www.rmch.es\\\/wp-content\\\/uploads\\\/2019\\\/11\\\/Emblem_of_the_Royal_Cavalry_Armory_of_Havana.svg_.png\",\"width\":500,\"height\":629,\"caption\":\"Real Maestranza de Caballer\u00eda de La Habana\"},\"image\":{\"@id\":\"https:\\\/\\\/www.rmch.es\\\/#\\\/schema\\\/logo\\\/image\\\/\"}}]}<\/script>\n<!-- \/ Yoast SEO plugin. -->","yoast_head_json":{"title":"INICIO - Real Maestranza de Caballer\u00eda de La Habana","description":"La Real Maestranza de Caballer\u00eda de La Habana, la \u00fanica que se estableci\u00f3 en una capital ultramarina, fue fundada en el a\u00f1o 1709","robots":{"index":"index","follow":"follow","max-snippet":"max-snippet:-1","max-image-preview":"max-image-preview:large","max-video-preview":"max-video-preview:-1"},"canonical":"https:\/\/www.rmch.es\/","og_locale":"es_ES","og_type":"article","og_title":"INICIO - Real Maestranza de Caballer\u00eda de La Habana","og_description":"La Real Maestranza de Caballer\u00eda de La Habana, la \u00fanica que se estableci\u00f3 en una capital ultramarina, fue fundada en el a\u00f1o 1709","og_url":"https:\/\/www.rmch.es\/","og_site_name":"Real Maestranza de Caballer\u00eda de La Habana","article_modified_time":"2025-06-04T17:14:17+00:00","twitter_card":"summary_large_image","twitter_misc":{"Tiempo de lectura":"3 minutos"},"schema":{"@context":"https:\/\/schema.org","@graph":[{"@type":"WebPage","@id":"https:\/\/www.rmch.es\/","url":"https:\/\/www.rmch.es\/","name":"INICIO - Real Maestranza de Caballer\u00eda de La Habana","isPartOf":{"@id":"https:\/\/www.rmch.es\/#website"},"datePublished":"2020-01-19T15:35:44+00:00","dateModified":"2025-06-04T17:14:17+00:00","description":"La Real Maestranza de Caballer\u00eda de La Habana, la \u00fanica que se estableci\u00f3 en una capital ultramarina, fue fundada en el a\u00f1o 1709","breadcrumb":{"@id":"https:\/\/www.rmch.es\/#breadcrumb"},"inLanguage":"es","potentialAction":[{"@type":"ReadAction","target":["https:\/\/www.rmch.es\/"]}]},{"@type":"BreadcrumbList","@id":"https:\/\/www.rmch.es\/#breadcrumb","itemListElement":[{"@type":"ListItem","position":1,"name":"Portada","item":"https:\/\/www.rmch.es\/"},{"@type":"ListItem","position":2,"name":"INICIO"}]},{"@type":"WebSite","@id":"https:\/\/www.rmch.es\/#website","url":"https:\/\/www.rmch.es\/","name":"Real Maestranza de Caballer\u00eda de La Habana","description":"Real Maestranza de Caballer\u00eda de La Habana,","publisher":{"@id":"https:\/\/www.rmch.es\/#organization"},"potentialAction":[{"@type":"SearchAction","target":{"@type":"EntryPoint","urlTemplate":"https:\/\/www.rmch.es\/?s={search_term_string}"},"query-input":{"@type":"PropertyValueSpecification","valueRequired":true,"valueName":"search_term_string"}}],"inLanguage":"es"},{"@type":"Organization","@id":"https:\/\/www.rmch.es\/#organization","name":"Real Maestranza de Caballer\u00eda de La Habana","url":"https:\/\/www.rmch.es\/","logo":{"@type":"ImageObject","inLanguage":"es","@id":"https:\/\/www.rmch.es\/#\/schema\/logo\/image\/","url":"https:\/\/www.rmch.es\/wp-content\/uploads\/2019\/11\/Emblem_of_the_Royal_Cavalry_Armory_of_Havana.svg_.png","contentUrl":"https:\/\/www.rmch.es\/wp-content\/uploads\/2019\/11\/Emblem_of_the_Royal_Cavalry_Armory_of_Havana.svg_.png","width":500,"height":629,"caption":"Real Maestranza de Caballer\u00eda de La Habana"},"image":{"@id":"https:\/\/www.rmch.es\/#\/schema\/logo\/image\/"}}]}},"_links":{"self":[{"href":"https:\/\/www.rmch.es\/index.php\/wp-json\/wp\/v2\/pages\/61","targetHints":{"allow":["GET"]}}],"collection":[{"href":"https:\/\/www.rmch.es\/index.php\/wp-json\/wp\/v2\/pages"}],"about":[{"href":"https:\/\/www.rmch.es\/index.php\/wp-json\/wp\/v2\/types\/page"}],"author":[{"embeddable":true,"href":"https:\/\/www.rmch.es\/index.php\/wp-json\/wp\/v2\/users\/1"}],"replies":[{"embeddable":true,"href":"https:\/\/www.rmch.es\/index.php\/wp-json\/wp\/v2\/comments?post=61"}],"version-history":[{"count":44,"href":"https:\/\/www.rmch.es\/index.php\/wp-json\/wp\/v2\/pages\/61\/revisions"}],"predecessor-version":[{"id":13778,"href":"https:\/\/www.rmch.es\/index.php\/wp-json\/wp\/v2\/pages\/61\/revisions\/13778"}],"wp:attachment":[{"href":"https:\/\/www.rmch.es\/index.php\/wp-json\/wp\/v2\/media?parent=61"}],"curies":[{"name":"wp","href":"https:\/\/api.w.org\/{rel}","templated":true}]}}